{"version":"1.0","provider_name":"C. Parroquial San Jaime Ap\u00f3stol","provider_url":"https:\/\/colegio.sanjaimemoncada.es\/en\/","author_name":"M Jos\u00e9 Juste","author_url":"https:\/\/colegio.sanjaimemoncada.es\/en\/author\/mjose-juste\/","title":"Premi Extraordinari al rendiment Acad\u00e8mic. Secund\u00e0ria - C. Parroquial San Jaime Ap\u00f3stol","type":"rich","width":600,"height":338,"html":"<blockquote class=\"wp-embedded-content\" data-secret=\"X67SgyHVME\"><a href=\"https:\/\/colegio.sanjaimemoncada.es\/en\/premi-extraordinari-al-rendiment-academic-secundaria\/\">Premi Extraordinari al rendiment Acad\u00e8mic. Secund\u00e0ria<\/a><\/blockquote><iframe sandbox=\"allow-scripts\" security=\"restricted\" src=\"https:\/\/colegio.sanjaimemoncada.es\/en\/premi-extraordinari-al-rendiment-academic-secundaria\/embed\/#?secret=X67SgyHVME\" width=\"600\" height=\"338\" title=\"&#8220;Premi Extraordinari al rendiment Acad\u00e8mic. Secund\u00e0ria&#8221; &#8212; C. Parroquial San Jaime Ap\u00f3stol\" data-secret=\"X67SgyHVME\" frameborder=\"0\" marginwidth=\"0\" marginheight=\"0\" scrolling=\"no\" class=\"wp-embedded-content\"><\/iframe><script type=\"text\/javascript\">\n\/* <![CDATA[ *\/\n\/*! This file is auto-generated *\/\n!function(d,l){\"use strict\";l.querySelector&&d.addEventListener&&\"undefined\"!=typeof URL&&(d.wp=d.wp||{},d.wp.receiveEmbedMessage||(d.wp.receiveEmbedMessage=function(e){var t=e.data;if((t||t.secret||t.message||t.value)&&!\/[^a-zA-Z0-9]\/.test(t.secret)){for(var s,r,n,a=l.querySelectorAll('iframe[data-secret=\"'+t.secret+'\"]'),o=l.querySelectorAll('blockquote[data-secret=\"'+t.secret+'\"]'),c=new RegExp(\"^https?:$\",\"i\"),i=0;i<o.length;i++)o[i].style.display=\"none\";for(i=0;i<a.length;i++)s=a[i],e.source===s.contentWindow&&(s.removeAttribute(\"style\"),\"height\"===t.message?(1e3<(r=parseInt(t.value,10))?r=1e3:~~r<200&&(r=200),s.height=r):\"link\"===t.message&&(r=new URL(s.getAttribute(\"src\")),n=new URL(t.value),c.test(n.protocol))&&n.host===r.host&&l.activeElement===s&&(d.top.location.href=t.value))}},d.addEventListener(\"message\",d.wp.receiveEmbedMessage,!1),l.addEventListener(\"DOMContentLoaded\",function(){for(var e,t,s=l.querySelectorAll(\"iframe.wp-embedded-content\"),r=0;r<s.length;r++)(t=(e=s[r]).getAttribute(\"data-secret\"))||(t=Math.random().toString(36).substring(2,12),e.src+=\"#?secret=\"+t,e.setAttribute(\"data-secret\",t)),e.contentWindow.postMessage({message:\"ready\",secret:t},\"*\")},!1)))}(window,document);\n\/* ]]> *\/\n<\/script>\n","thumbnail_url":"https:\/\/colegio.sanjaimemoncada.es\/wp-content\/uploads\/2019\/10\/Jose-1.jpg","thumbnail_width":1632,"thumbnail_height":1224,"description":"&nbsp; Jos\u00e9 Valero Sanchis, alumne nostre de 1r de Batxillerat, ha estat guardonat amb el Premi Extraordinari al Rendiment Acad\u00e8mic d\u2019Educaci\u00f3 Secund\u00e0ria Obligat\u00f2ria que tots els anys atorga la Conselleria d\u2019Educaci\u00f3, Investigaci\u00f3, Cultura i Esports. Jose\u00a0 es mostra molt orgull\u00f3s pel premi, perqu\u00e8 veu en ell un reconeixement i una recompensa a tot el temps [&hellip;]"}